{"version":"1.0","provider_name":"Io Sono Cos\u00ed","provider_url":"https:\/\/iosonocosi.cafeblog.hu","author_name":"Io Sono Cos\u00ed","author_url":"https:\/\/iosonocosi.cafeblog.hu\/author\/iosonocosibloggergmail-com\/","title":"Tr\u00e1mpli","html":"<p>Mondhatn\u00e1m, hogy \u00e9rdekl\u0151d\u00e9ssel figyelem, mi t\u00f6rt\u00e9nik a nagyvil\u00e1gban, de ink\u00e1bb m\u00e9rhetetlen aggodalommal teszem mindezt. Eddig is toj\u00e1sh\u00e9jon t\u00e1ncoltunk, amelyet a diplom\u00e1cia pr\u00f3b\u00e1lt egyben tartani \u00e9s bels\u0151 h\u00e1rty\u00e1j\u00e1t a h\u00e9jnak megvastag\u00edtani, ha m\u00e1r a m\u00e9szen oly sokan felel\u0151tlen\u00fcl tapostak \u00e9s taposnak.\u00a0\u00a0\u00a0<br \/><br \/>Riadtan tekintek k\u00f6rbe a nagyhatalmakon, hogy ki kit vezet \u00e9s \u00e1lltak be t\u00f6megek milli\u00f3i n\u00e1rcisztikus, populista, \u00f6nkontroll n\u00e9lk\u00fcli dikt\u00e1torok m\u00f6g\u00e9. Merthogy ebb\u0151l sajnos nem egy van. \u00c9s sorakoznak a lelkes kiskaton\u00e1k is az \u00fcdvhadseregbe. Azok meg hozz\u00e1k az eddig m\u00e9g esetlegesen szabadon k\u00f3sz\u00e1l\u00f3 fegyverhordoz\u00f3ikat. \u00c9s ez egy piramiseffekt, nem, de b\u00e1r? Fel\u00fcl az \u00f6nkontroll n\u00e9lk\u00fcli neh\u00e9zt\u00fcz\u00e9rs\u00e9g \u00e9s r\u00e1ngatj\u00e1k a frakkjuk sz\u00e1rny\u00e1t a kist\u00f6rp\u00e9k, a kist\u00f6rp\u00e9k meg gomb\u00e1sznak \u00e9s szedik fel a sok-sok gal\u00f3c\u00e1t, amelyet eladnak a piacokon. Fel\u00fcl, alul: m\u00e9reg.<br \/><br \/>Miben k\u00fcl\u00f6nb\u00f6znek azokt\u00f3l a diktat\u00far\u00e1kt\u00f3l, amelyek legy\u0151z\u00e9s\u00e9re a Vil\u00e1g k\u00e9rte fel \u0151ket? A j\u00f3 p\u00e9lda ragad\u00f3s, mondja a k\u00f6zhely. Pont \u00edgy! K\u00edv\u00e1ncsi vagyok \u00e9s sajnos, ha akarom, ha nem, megl\u00e1tom, hogy az \u00f6ntudatos Amerikai Egyes\u00fcl \u00c1llamok lak\u00f3i hogyan reag\u00e1lnak \u00e9s tudnak \u00e9lni a tank\u00f6nyvszag\u00fa demokr\u00e1cia eszk\u00f6z\u00e9vel, ahol egy rezerv\u00e1tumba z\u00e1rt indi\u00e1nkult\u00fara, egy sok t\u00edz\u00e9ves fekete - csendes \u00e9s kev\u00e9sb\u00e9 csendes \u2013 polg\u00e1ri forradalma ment v\u00e9gbe? \u00c9rdekesen k\u00f6zhelyes nem, hogy az \u0151slakosok indulnak n\u00e9gy emeletnyi h\u00e1tr\u00e1nnyal (itt is)?! Furcsa m\u00f3don, mind az \u00e1ltalunk diktat\u00far\u00e1nak titul\u00e1lt orsz\u00e1gokban, mind a jelenlegi nagyhatalmak jelent\u0151sebb r\u00e9sz\u00e9n\u00e9l felmer\u00fcl a v\u00e1laszt\u00e1si csal\u00e1s k\u00e9rd\u00e9se is. Mit ad isten, nagyj\u00e1b\u00f3l semmi sem t\u00f6rt\u00e9nik, azon fel\u00fcl, hogy h\u0151z\u00f6ng a sajt\u00f3 \u00e9s p\u00e1r politikus. H\u00e1ny, meg h\u00e1ny szak\u00e9rt\u0151 csit\u00edtotta a k\u00f6zv\u00e9lem\u00e9nyt, hogy Trump \u0151r\u00fclt szavai csak a m\u00e9di\u00e1nak, meg a v\u00e1laszt\u00e1snak sz\u00f3lnak. Azt\u00e1n m\u00e9gsem? M\u00e9g egy p\u00e1r h\u00e9t sem telt bele \u00e9s m\u00e1ris \u00f6sszeveszett a f\u00e9l Vil\u00e1ggal. A bels\u0151 \u00e9s k\u00fcls\u0151 vil\u00e1g\u00e1val egy\u00fcttesen. Az, hogy \u00f6sszev\u00e9sz, az lehet egy \u00e9rzelmi k\u00e9rd\u00e9s, de int\u00e9zked\u00e9seinek jellege \u00e9s tartalma, r\u00e9m\u00fcletbe ejt\u0151k. \u00c9s hamarosan egym\u00e1s barb\u00e1r kez\u00e9be csap a k\u00e9t nagyhatalom, csak Alaszk\u00e1t ne adj\u00e1k vissza, k\u00f6ny\u00f6rg\u00f6m!<\/p>\r\n<p style=\"text-align: left\"><a href=\"https:\/\/iosonocosi.cafeblog.hu\/files\/2017\/02\/Trump.jpg\"><img class=\"aligncenter wp-image-495 size-full\" src=\"https:\/\/iosonocosi.cafeblog.hu\/files\/2017\/02\/Trump-e1486289983155.jpg\" width=\"301\" height=\"167\" \/><\/a>\u00a0 \u00a0 \u00a0 \u00a0 \u00a0 \u00a0 \u00a0 \u00a0 \u00a0 \u00a0 \u00a0 \u00a0 \u00a0 \u00a0 \u00a0 \u00a0 \u00a0 \u00a0 \u00a0 \u00a0 \u00a0 \u00a0 \u00a0 \u00a0 \u00a0 \u00a0 \u00a0 \u00a0 \u00a0 \u00a0 \u00a0 \u00a0 \u00a0 \u00a0 \u00a0 \u00a0 \u00a0 \u00a0 \u00a0 \u00a0 \u00a0 \u00a0 \u00a0 \u00a0 \u00a0 \u00a0 \u00a0 \u00a0 \u00a0 \u00a0 \u00a0 \u00a0 A f\u00e9nyk\u00e9p nem az \u00e9n tulajdonom.\u00a0<\/p>\r\n<p style=\"text-align: left\">Nyilv\u00e1nval\u00f3an egy matematikai pontoss\u00e1ggal le\u00edrt folyamatot tehet\u00fcnk e m\u00f6g\u00e9, mondj\u00e1k majd a szak-szociol\u00f3gusok, hogy mi mi\u00e9rt vezetett id\u00e1ig, a k\u00fcl\u00f6nb\u00f6z\u0151 t\u00e1rsadalmi csoportok meg nem oldott m\u00e9ly, t\u00e1rsadalmi k\u00e9rd\u00e9sei, meg \u00fct\u00f6tt a gazdas\u00e1gi igazs\u00e1gtalans\u00e1g fals \u00f3r\u00e1ja, de kegyetlen\u00fcl, sat\u00f6bbisat\u00f6bbi. Visszafel\u00e9 \u00e9n is okos tudok lenni\u2026 Egy-ketten, de t\u00e9nyleg csak egy-ketten, el\u0151re is okosok voltak. Mint ahogy l\u00e1tom, Orwell is. A bestseller list\u00e1k \u00e9l\u00e9n. Tal\u00e1n m\u00e9g \u0151 sem gondolta volna, ha meg\u00e9ri a 2017-et. \u00c9s m\u00e9g csak annak is a febru\u00e1rj\u00e1nak elej\u00e9n j\u00e1runk\u2026! \u00a0\u00a0\u0150szint\u00e9n rem\u00e9lem, hogy b\u00e1rk\u00e1t m\u00e9g nem kell faragnunk a fennmarad\u00f3 fajok megmenek\u00edt\u00e9s\u00e9re. B\u00e1r \u00fagy l\u00e1tom, mi, az emberi faj, \u00fagyis menthetetlenek vagyunk.<br \/><br \/>Amerika \u00faj TRAMPlija, sajnos olyan h\u00farokat penget, amelyet megrezegtet Washingtonban, \u00e9s a K\u00f6zel-Kelett\u0151l az Antarktiszig hull\u00e1mzik \u0151r\u00fclt amplit\u00fad\u00f3val. \u00dagy n\u00e9z ki, r\u00f6videbb ideig volt meg a vil\u00e1g dikt\u00e1torok n\u00e9lk\u00fcl, mint vel\u00fck. T\u00e9nyleg nem tanulunk semmib\u0151l. Vagy nem sok mindenb\u0151l. Engem az lepett meg \u0151szint\u00e9n \u2013 nyilv\u00e1n a naivs\u00e1gom t\u0171nhet fel ez\u00e1ltal\u2013 hogy a NAAAAAAGY Amerikai Egyes\u00fclt \u00c1llamokban, amely kulcsfontoss\u00e1g\u00fa (diplom\u00e1ciai) szerepet t\u00f6lt be, ami\u00f3ta Vil\u00e1g a Vil\u00e1g a F\u00f6ld nev\u0171 bolyg\u00f3n, egy olyan valakit szavaz hatalomra, akinek semmif\u00e9le diplom\u00e1ciai el\u0151\u00e9lete (most m\u00e1r \u00e9rtem mi\u00e9rt, mert TRUMPli \u00e9s a diplom\u00e1cia k\u00e9t ellent\u00e9tes p\u00f3lust k\u00e9pvisel egy m\u00e1gneses t\u00e9rben), z\u00e9r\u00f3 parlament\u00e1ris tapasztalata , vagy ak\u00e1r egy m\u00e1sodpercnyi k\u00fclpolitikai ismerete lenne. Ez az\u00e9rt hardcore. Ez is a tanuls\u00e1gok sorozata lesz. M\u00e1r, ha meg\u00e9lj\u00fck a v\u00e9g\u00e9t\u2026<\/p>","type":"rich"}